{"id":132,"date":"2022-03-08T11:49:55","date_gmt":"2022-03-08T09:49:55","guid":{"rendered":"https:\/\/ovm.baixemporda.cat\/?page_id=132"},"modified":"2022-03-15T13:38:58","modified_gmt":"2022-03-15T11:38:58","slug":"acreditacio-violencia-masclista","status":"publish","type":"page","link":"https:\/\/ovm.baixemporda.cat\/index.php\/acreditacio-violencia-masclista\/","title":{"rendered":"Acreditaci\u00f3 viol\u00e8ncia masclista"},"content":{"rendered":"\n<p class=\"has-text-align-left\">Les situacions de viol\u00e8ncia de g\u00e8nere que donen lloc al reconeixement dels drets&nbsp;s&#8217;acredit\u00e0ran mitjan\u00e7ant una sent\u00e8ncia condemnat\u00f2ria per un delicte de viol\u00e8ncia de g\u00e8nere, una ordre de protecci\u00f3 o qualsevol altra resoluci\u00f3 judicial que acordi una mesura cautelar a favor de la v\u00edctima, o b\u00e9 per l&#8217;informe del Ministeri Fiscal que indiqui que hi ha indicis que la demandant \u00e9s v\u00edctima de viol\u00e8ncia de g\u00e8nere. Tamb\u00e9 es poden acreditar les situacions de viol\u00e8ncia de g\u00e8nere mitjan\u00e7ant informe dels serveis socials, dels serveis especialitzats, o dels serveis d&#8217;acollida destinats a v\u00edctimes de viol\u00e8ncia de g\u00e8nere de l&#8217;Administraci\u00f3 p\u00fablica competent; o per qualsevol altre t\u00edtol, sempre que aix\u00f2 estigui previst a les disposicions normatives de car\u00e0cter sectorial que regulin l&#8217;acc\u00e9s a cadascun dels drets i recursos. El Govern i les comunitats aut\u00f2nomes, en el marc de la Confer\u00e8ncia Sectorial d&#8217;Igualtat, dissenyar\u00e0n, en com\u00fa acord, els procediments b\u00e0sics que permetr\u00e0n posar en marxa els sistemes d&#8217;acreditaci\u00f3 de les situacions de viol\u00e8ncia de g\u00e8nere. <\/p>\n\n\n\n<p class=\"has-text-align-left\">Per a obtenir aquesta acreditaci\u00f3, es important que un dels \u00f3rgans competents ompli el seg\u00fcent document. &nbsp;<\/p>\n\n\n\n<p class=\"has-text-align-left\"><a href=\"https:\/\/violenciagenero.igualdad.gob.es\/informacionUtil\/acreditacion\/doc\/actualizaciones\/Modelo_Comun_de_Acreditacion_11-11-21.pdf\">https:\/\/violenciagenero.igualdad.gob.es\/informacionUtil\/acreditacion\/doc\/actualizaciones\/Modelo_Comun_de_Acreditacion_11-11-21.pdf<\/a><\/p>\n","protected":false},"excerpt":{"rendered":"<p>Les situacions de viol\u00e8ncia de g\u00e8nere que donen lloc al reconeixement dels drets&nbsp;s&#8217;acredit\u00e0ran mitjan\u00e7ant una sent\u00e8ncia condemnat\u00f2ria per un delicte de viol\u00e8ncia de g\u00e8nere, una ordre de protecci\u00f3 o qualsevol altra resoluci\u00f3 judicial que acordi una mesura cautelar a favor de la v\u00edctima, o b\u00e9 per l&#8217;informe del Ministeri Fiscal que indiqui que hi ha [&hellip;]<\/p>\n","protected":false},"author":2,"featured_media":0,"parent":0,"menu_order":0,"comment_status":"closed","ping_status":"closed","template":"","meta":{"footnotes":""},"class_list":["post-132","page","type-page","status-publish","hentry"],"_links":{"self":[{"href":"https:\/\/ovm.baixemporda.cat\/index.php\/wp-json\/wp\/v2\/pages\/132","targetHints":{"allow":["GET"]}}],"collection":[{"href":"https:\/\/ovm.baixemporda.cat\/index.php\/wp-json\/wp\/v2\/pages"}],"about":[{"href":"https:\/\/ovm.baixemporda.cat\/index.php\/wp-json\/wp\/v2\/types\/page"}],"author":[{"embeddable":true,"href":"https:\/\/ovm.baixemporda.cat\/index.php\/wp-json\/wp\/v2\/users\/2"}],"replies":[{"embeddable":true,"href":"https:\/\/ovm.baixemporda.cat\/index.php\/wp-json\/wp\/v2\/comments?post=132"}],"version-history":[{"count":3,"href":"https:\/\/ovm.baixemporda.cat\/index.php\/wp-json\/wp\/v2\/pages\/132\/revisions"}],"predecessor-version":[{"id":172,"href":"https:\/\/ovm.baixemporda.cat\/index.php\/wp-json\/wp\/v2\/pages\/132\/revisions\/172"}],"wp:attachment":[{"href":"https:\/\/ovm.baixemporda.cat\/index.php\/wp-json\/wp\/v2\/media?parent=132"}],"curies":[{"name":"wp","href":"https:\/\/api.w.org\/{rel}","templated":true}]}}